{"id":31,"date":"2022-11-16T10:35:59","date_gmt":"2022-11-16T09:35:59","guid":{"rendered":"https:\/\/adim.web.amu.edu.pl\/?page_id=31"},"modified":"2024-03-05T13:11:00","modified_gmt":"2024-03-05T12:11:00","slug":"team_poznan","status":"publish","type":"page","link":"https:\/\/adim.web.amu.edu.pl\/pl_pl\/team_poznan\/","title":{"rendered":"Zesp\u00f3\u0142 w Poznaniu"},"content":{"rendered":"<p class=\"has-text-align-center\"><\/p>\n\n\n\n<figure class=\"wp-block-image size-large is-resized\"><img fetchpriority=\"high\" decoding=\"async\" width=\"1024\" height=\"266\" src=\"https:\/\/adim.web.amu.edu.pl\/wp-content\/uploads\/2022\/11\/graficzne-rozsz.-logo_EN-1024x266.png\" alt=\"\" class=\"wp-image-331\" style=\"width:512px;height:133px\" srcset=\"https:\/\/adim.web.amu.edu.pl\/wp-content\/uploads\/2022\/11\/graficzne-rozsz.-logo_EN-1024x266.png 1024w, https:\/\/adim.web.amu.edu.pl\/wp-content\/uploads\/2022\/11\/graficzne-rozsz.-logo_EN-300x78.png 300w, https:\/\/adim.web.amu.edu.pl\/wp-content\/uploads\/2022\/11\/graficzne-rozsz.-logo_EN-768x199.png 768w, https:\/\/adim.web.amu.edu.pl\/wp-content\/uploads\/2022\/11\/graficzne-rozsz.-logo_EN-1536x398.png 1536w, https:\/\/adim.web.amu.edu.pl\/wp-content\/uploads\/2022\/11\/graficzne-rozsz.-logo_EN-2048x531.png 2048w, https:\/\/adim.web.amu.edu.pl\/wp-content\/uploads\/2022\/11\/graficzne-rozsz.-logo_EN-1530x397.png 1530w\" sizes=\"(max-width: 1024px) 100vw, 1024px\" \/><\/figure>\n\n\n\n<p class=\"has-text-align-center\"><strong>Kierownik projektu<\/strong><\/p>\n\n\n\n<div class=\"wp-block-media-text is-stacked-on-mobile\" style=\"grid-template-columns:15% auto\"><figure class=\"wp-block-media-text__media\"><a href=\"http:\/\/wa.amu.edu.pl\/wa\/wrembel_magdalena\" target=\"_blank\" rel=\"noreferrer noopener\"><img decoding=\"async\" width=\"822\" height=\"1024\" src=\"https:\/\/adim.web.amu.edu.pl\/wp-content\/uploads\/2022\/11\/zdj-7-1-822x1024.jpg\" alt=\"\" class=\"wp-image-393 size-full\" srcset=\"https:\/\/adim.web.amu.edu.pl\/wp-content\/uploads\/2022\/11\/zdj-7-1-822x1024.jpg 822w, https:\/\/adim.web.amu.edu.pl\/wp-content\/uploads\/2022\/11\/zdj-7-1-241x300.jpg 241w, https:\/\/adim.web.amu.edu.pl\/wp-content\/uploads\/2022\/11\/zdj-7-1-768x957.jpg 768w, https:\/\/adim.web.amu.edu.pl\/wp-content\/uploads\/2022\/11\/zdj-7-1-1233x1536.jpg 1233w, https:\/\/adim.web.amu.edu.pl\/wp-content\/uploads\/2022\/11\/zdj-7-1-614x765.jpg 614w, https:\/\/adim.web.amu.edu.pl\/wp-content\/uploads\/2022\/11\/zdj-7-1.jpg 1464w\" sizes=\"(max-width: 822px) 100vw, 822px\" \/><\/a><\/figure><div class=\"wp-block-media-text__content\">\n<p class=\"has-text-align-left has-tiny-font-size\"><strong>Magdalena Wrembel<\/strong> jest profesork\u0105 na Wydziale Anglistyki Uniwersytetu im. Adama Mickiewicza w Poznaniu oraz zast\u0119pczyni\u0105 kierownika Bilingualism Matters@Pozna\u0144. Jej g\u0142\u00f3wne obszary badawcze obejmuj\u0105 dwuj\u0119zyczno\u015b\u0107 i wieloj\u0119zyczno\u015b\u0107, akwizycj\u0119 trzeciego j\u0119zyka, fonetyk\u0119 i fonologi\u0119 oraz wp\u0142ywy mi\u0119dzyj\u0119zykowe w akwizycji fonologicznej L3. Wsp\u00f3\u0142organizowa\u0142a wiele mi\u0119dzynarodowych konferencji i aktywnie uczestniczy\u0142a w kilku grantach badawczych.&nbsp;&nbsp;<\/p>\n<\/div><\/div>\n\n\n\n<p><\/p>\n\n\n\n<p class=\"has-text-align-center\"><strong>Sta\u017cy\u015bci post-doc<\/strong><\/p>\n\n\n\n<div class=\"wp-block-media-text has-media-on-the-right is-stacked-on-mobile\" style=\"grid-template-columns:auto 15%\"><div class=\"wp-block-media-text__content\">\n<p class=\"has-tiny-font-size\"><strong>Krzysztof Hwaszcz<\/strong> jest pracownikiem naukowym ADIM na Uniwersytecie Adama Mickiewicza w Poznaniu. Jego g\u0142\u00f3wne obszary badawcze obejmuj\u0105 interfejs sk\u0142adnia-semantyka, leksykon mentalny, fonetyk\u0119 i fonologi\u0119 oraz sk\u0142adni\u0119 w perspektywie teoretycznej. Krzysztof napisa\u0142 prac\u0119 doktorsk\u0105 na temat przetwarzania s\u0142\u00f3w z\u0142o\u017conych i organizacji leksykonu mentalnego. Jest r\u00f3wnie\u017c zwi\u0105zany z Uniwersytetem Wroc\u0142awskim w konsorcjum CLARIN.&nbsp;<\/p>\n<\/div><figure class=\"wp-block-media-text__media\"><a href=\"http:\/\/wa.amu.edu.pl\/wa\/Hwaszcz_Krzysztof\" target=\"_blank\" rel=\"noreferrer noopener\"><img decoding=\"async\" width=\"167\" height=\"167\" src=\"https:\/\/adim.web.amu.edu.pl\/wp-content\/uploads\/2022\/11\/Krzysztof_Hwaszcz.jpg\" alt=\"\" class=\"wp-image-104 size-full\" srcset=\"https:\/\/adim.web.amu.edu.pl\/wp-content\/uploads\/2022\/11\/Krzysztof_Hwaszcz.jpg 167w, https:\/\/adim.web.amu.edu.pl\/wp-content\/uploads\/2022\/11\/Krzysztof_Hwaszcz-150x150.jpg 150w\" sizes=\"(max-width: 167px) 100vw, 167px\" \/><\/a><\/figure><\/div>\n\n\n\n<div class=\"wp-block-media-text is-stacked-on-mobile\" style=\"grid-template-columns:15% auto\"><figure class=\"wp-block-media-text__media\"><a href=\"http:\/\/wa.amu.edu.pl\/wa\/Kedzierska_Hanna\" target=\"_blank\" rel=\"noreferrer noopener\"><img loading=\"lazy\" decoding=\"async\" width=\"167\" height=\"215\" src=\"https:\/\/adim.web.amu.edu.pl\/wp-content\/uploads\/2022\/11\/hanna_kedzierska-3.jpg\" alt=\"\" class=\"wp-image-107 size-full\"\/><\/a><\/figure><div class=\"wp-block-media-text__content\">\n<p class=\"has-tiny-font-size\"><strong>Hanna K\u0119dzierska<\/strong> jest pracownikiem naukowym ADIM na Uniwersytecie im. Adama Mickiewicza w Poznaniu na stanowisku post-doktorskim. Jej g\u0142\u00f3wne zainteresowania badawcze obejmuj\u0105 psycho- i neurolingwistyk\u0119, wieloj\u0119zyczno\u015b\u0107 oraz przetwarzanie j\u0119zyka figuratywnego. Rozpraw\u0119 doktorsk\u0105 napisa\u0142a na temat przetwarzania mowy o obcym akcencie, skupiaj\u0105c si\u0119 na danych uzyskanych za pomoc\u0105 techniki event-related brain potentials.&nbsp;<\/p>\n<\/div><\/div>\n\n\n\n<div class=\"wp-block-media-text has-media-on-the-right is-stacked-on-mobile\" style=\"grid-template-columns:auto 15%\"><div class=\"wp-block-media-text__content\">\n<p class=\"has-tiny-font-size\"><strong>Kamil Malarski<\/strong> jest pracownikiem naukowym ADIM na Uniwersytecie Adama Mickiewicza w Poznaniu. Kamil jest wykszta\u0142cony w zakresie socjolingwistyki, lingwistyki terenowej, fonologii laboratoryjnej i akwizycji j\u0119zyka. Jego najnowszym zainteresowaniem badawczym jest wieloj\u0119zyczno\u015b\u0107. W naszym projekcie bada mow\u0119 L3 norwesk\u0105 i L3 polsk\u0105. Pr\u00f3buje zbada\u0107, czy zr\u00f3\u017cnicowanie akcent\u00f3w obcoj\u0119zycznych w polskim i norweskim ma zwi\u0105zek z parametrami spo\u0142ecznymi i kulturowymi m\u00f3wc\u00f3w.&nbsp;<\/p>\n<\/div><figure class=\"wp-block-media-text__media\"><a href=\"http:\/\/wa.amu.edu.pl\/wa\/malarski_kamil\" target=\"_blank\" rel=\"noreferrer noopener\"><img loading=\"lazy\" decoding=\"async\" width=\"167\" height=\"223\" src=\"https:\/\/adim.web.amu.edu.pl\/wp-content\/uploads\/2022\/11\/Kamil_Malarski.jpg\" alt=\"\" class=\"wp-image-108 size-full\"\/><\/a><\/figure><\/div>\n\n\n\n<div class=\"wp-block-media-text is-stacked-on-mobile\" style=\"grid-template-columns:15% auto\"><figure class=\"wp-block-media-text__media\"><a href=\"http:\/\/wa.amu.edu.pl\/wa\/Czarnecki-Verner_Tristan\" target=\"_blank\" rel=\"noreferrer noopener\"><img loading=\"lazy\" decoding=\"async\" width=\"884\" height=\"1024\" src=\"https:\/\/adim.web.amu.edu.pl\/wp-content\/uploads\/2022\/11\/Czarnecki-Verner_Tristan-884x1024.png\" alt=\"\" class=\"wp-image-390 size-full\" srcset=\"https:\/\/adim.web.amu.edu.pl\/wp-content\/uploads\/2022\/11\/Czarnecki-Verner_Tristan-884x1024.png 884w, https:\/\/adim.web.amu.edu.pl\/wp-content\/uploads\/2022\/11\/Czarnecki-Verner_Tristan-259x300.png 259w, https:\/\/adim.web.amu.edu.pl\/wp-content\/uploads\/2022\/11\/Czarnecki-Verner_Tristan-768x890.png 768w, https:\/\/adim.web.amu.edu.pl\/wp-content\/uploads\/2022\/11\/Czarnecki-Verner_Tristan-1326x1536.png 1326w, https:\/\/adim.web.amu.edu.pl\/wp-content\/uploads\/2022\/11\/Czarnecki-Verner_Tristan-660x765.png 660w, https:\/\/adim.web.amu.edu.pl\/wp-content\/uploads\/2022\/11\/Czarnecki-Verner_Tristan.png 1664w\" sizes=\"(max-width: 884px) 100vw, 884px\" \/><\/a><\/figure><div class=\"wp-block-media-text__content\">\n<p class=\"has-tiny-font-size\"><strong>Tristan Czarnecki-Verner<\/strong> jest pracownikiem naukowym CLIMAD na Uniwersytecie Adama Mickiewicza w Poznaniu. Jego zainteresowania badawcze obejmuj\u0105 sekwencje obstrukcyjne w j\u0119zyku polskim i w innych j\u0119zykach. Wykorzystuje techniki akustyczne, neuro- i psycholingwistyczne, aby oceni\u0107, jak ludzie wytwarzaj\u0105, postrzegaj\u0105 i przyswajaj\u0105 sekwencje sp\u00f3\u0142g\u0142oskowe. Jego d\u0142ugoterminowym celem jest stworzenie narz\u0119dzi autodydaktycznych, kt\u00f3re pomog\u0105 ucz\u0105cym si\u0119 naby\u0107 kompetencje w zakresie przetwarzania i produkcji artykulacyjnie z\u0142o\u017conych sekwencji d\u017awi\u0119kowych.&nbsp;&nbsp;&nbsp;<\/p>\n<\/div><\/div>\n\n\n\n<p><\/p>\n\n\n\n<p class=\"has-text-align-center\"><strong>Wsp\u00f3\u0142pracownicy<\/strong><\/p>\n\n\n\n<div class=\"wp-block-media-text has-media-on-the-right is-stacked-on-mobile\" style=\"grid-template-columns:auto 15%\"><div class=\"wp-block-media-text__content\">\n<p class=\"has-tiny-font-size\"><strong>Anna Balas<\/strong> jest profesorem uniwersyteckim na Wydziale Anglistyki Uniwersytetu Adama Mickiewicza w Poznaniu. Prowadzi badania nad percepcj\u0105 i produkcj\u0105 mowy w akwizycji drugiego i trzeciego j\u0119zyka, a szczeg\u00f3lnie interesuje si\u0119 systemami samog\u0142oskowymi. Anna promuje badawcze podej\u015bcie do dwuj\u0119zyczno\u015bci i wieloj\u0119zyczno\u015bci w ramach Bilingualism Matters@Pozna\u0144.&nbsp;<\/p>\n<\/div><figure class=\"wp-block-media-text__media\"><a href=\"http:\/\/wa.amu.edu.pl\/wa\/Balas_Anna\" target=\"_blank\" rel=\"noreferrer noopener\"><img loading=\"lazy\" decoding=\"async\" width=\"167\" height=\"167\" src=\"https:\/\/adim.web.amu.edu.pl\/wp-content\/uploads\/2022\/11\/AnnaBalas.jpg\" alt=\"\" class=\"wp-image-146 size-full\" srcset=\"https:\/\/adim.web.amu.edu.pl\/wp-content\/uploads\/2022\/11\/AnnaBalas.jpg 167w, https:\/\/adim.web.amu.edu.pl\/wp-content\/uploads\/2022\/11\/AnnaBalas-150x150.jpg 150w\" sizes=\"(max-width: 167px) 100vw, 167px\" \/><\/a><\/figure><\/div>\n\n\n\n<div class=\"wp-block-media-text is-stacked-on-mobile\" style=\"grid-template-columns:15% auto\"><figure class=\"wp-block-media-text__media\"><a href=\"http:\/\/wa.amu.edu.pl\/wa\/Weckwerth_Jaroslaw\" target=\"_blank\" rel=\"noreferrer noopener\"><img loading=\"lazy\" decoding=\"async\" width=\"167\" height=\"167\" src=\"https:\/\/adim.web.amu.edu.pl\/wp-content\/uploads\/2022\/11\/JaroslawWeckwerth.jpg\" alt=\"\" class=\"wp-image-148 size-full\" srcset=\"https:\/\/adim.web.amu.edu.pl\/wp-content\/uploads\/2022\/11\/JaroslawWeckwerth.jpg 167w, https:\/\/adim.web.amu.edu.pl\/wp-content\/uploads\/2022\/11\/JaroslawWeckwerth-150x150.jpg 150w\" sizes=\"(max-width: 167px) 100vw, 167px\" \/><\/a><\/figure><div class=\"wp-block-media-text__content\">\n<p class=\"has-tiny-font-size\"><strong>Jaros\u0142aw Weckwerth<\/strong> jest starszym wyk\u0142adowc\u0105 na Wydziale Anglistyki UAM. Jego zainteresowania badawcze obejmuj\u0105 fonetyk\u0119, socjolingwistyk\u0119 oraz wykorzystanie technologii w nauczaniu j\u0119zykoznawstwa. Publikowa\u0142 na temat r\u00f3\u017cnych aspekt\u00f3w polskiej i angielskiej fonetyki i fonologii, takich jak charakterystyka spektralna polskich i angielskich samog\u0142osek, nabywanie fonologii L2 i modeli wymowy w EFL.&nbsp;<\/p>\n<\/div><\/div>\n\n\n\n<div class=\"wp-block-media-text has-media-on-the-right is-stacked-on-mobile\" style=\"grid-template-columns:auto 15%\"><div class=\"wp-block-media-text__content\">\n<p class=\"has-tiny-font-size\"><strong>Sylwiusz \u017bychli\u0144ski<\/strong> jest adiunktem na Wydziale Anglistyki UAM. Jego zainteresowania badawcze obejmuj\u0105 g\u0142\u00f3wnie aspekty polsko-angielskiej sk\u0142adni por\u00f3wnawczej, cho\u0107 ostatnio podj\u0105\u0142 tematy zwi\u0105zane z akwizycj\u0105 sk\u0142adni w drugim i trzecim j\u0119zyku. Interesuje si\u0119 r\u00f3wnie\u017c zjawiskiem gradientowej akceptowalno\u015bci i jego zwi\u0105zkiem z teoriami sk\u0142adni.&nbsp;<\/p>\n<\/div><figure class=\"wp-block-media-text__media\"><a href=\"http:\/\/wa.amu.edu.pl\/wa\/zychlinski_sylwiusz\" target=\"_blank\" rel=\"noreferrer noopener\"><img loading=\"lazy\" decoding=\"async\" width=\"167\" height=\"167\" src=\"https:\/\/adim.web.amu.edu.pl\/wp-content\/uploads\/2022\/11\/SylwiuszZychlinski.jpg\" alt=\"\" class=\"wp-image-149 size-full\" srcset=\"https:\/\/adim.web.amu.edu.pl\/wp-content\/uploads\/2022\/11\/SylwiuszZychlinski.jpg 167w, https:\/\/adim.web.amu.edu.pl\/wp-content\/uploads\/2022\/11\/SylwiuszZychlinski-150x150.jpg 150w\" sizes=\"(max-width: 167px) 100vw, 167px\" \/><\/a><\/figure><\/div>\n\n\n\n<div class=\"wp-block-media-text is-stacked-on-mobile\" style=\"grid-template-columns:15% auto\"><figure class=\"wp-block-media-text__media\"><a href=\"http:\/\/wa.amu.edu.pl\/wa\/Rataj_Karolina\" target=\"_blank\" rel=\"noreferrer noopener\"><img loading=\"lazy\" decoding=\"async\" width=\"167\" height=\"215\" src=\"https:\/\/adim.web.amu.edu.pl\/wp-content\/uploads\/2022\/11\/KarolinaRataj.jpg\" alt=\"\" class=\"wp-image-151 size-full\"\/><\/a><\/figure><div class=\"wp-block-media-text__content\">\n<p class=\"has-tiny-font-size\"><strong>Karolina Rataj<\/strong> jest adiunktem na Wydziale Anglistyki Uniwersytetu im. Adama Mickiewicza w Poznaniu. Interesuje si\u0119 fonologi\u0105 korpusow\u0105 i socjofonetyk\u0105. Interesuje si\u0119 r\u00f3wnie\u017c statystyk\u0105, staraj\u0105c si\u0119 by\u0107 \u015bwiadomym u\u017cytkownikiem ilo\u015bciowych metod analizy danych.<\/p>\n<\/div><\/div>\n\n\n\n<div class=\"wp-block-media-text has-media-on-the-right is-stacked-on-mobile\" style=\"grid-template-columns:auto 15%\"><div class=\"wp-block-media-text__content\">\n<p class=\"has-tiny-font-size\"><strong>Kamil Ka\u017amierski<\/strong> jest adiunktem na Wydziale Anglistyki Uniwersytetu im. Adama Mickiewicza w Poznaniu. Interesuje si\u0119 fonologi\u0105 korpusow\u0105 i socjofonetyk\u0105. Interesuje si\u0119 r\u00f3wnie\u017c statystyk\u0105, staraj\u0105c si\u0119 by\u0107 \u015bwiadomym u\u017cytkownikiem ilo\u015bciowych metod analizy danych.<\/p>\n<\/div><figure class=\"wp-block-media-text__media\"><a href=\"http:\/\/wa.amu.edu.pl\/wa\/kazmierski_kamil\" target=\"_blank\" rel=\"noreferrer noopener\"><img loading=\"lazy\" decoding=\"async\" width=\"1024\" height=\"887\" src=\"https:\/\/adim.web.amu.edu.pl\/wp-content\/uploads\/2023\/01\/DSC_0475_DxO_Cropped-1024x887.jpg\" alt=\"\" class=\"wp-image-505 size-full\" srcset=\"https:\/\/adim.web.amu.edu.pl\/wp-content\/uploads\/2023\/01\/DSC_0475_DxO_Cropped-1024x887.jpg 1024w, https:\/\/adim.web.amu.edu.pl\/wp-content\/uploads\/2023\/01\/DSC_0475_DxO_Cropped-300x260.jpg 300w, https:\/\/adim.web.amu.edu.pl\/wp-content\/uploads\/2023\/01\/DSC_0475_DxO_Cropped-768x665.jpg 768w, https:\/\/adim.web.amu.edu.pl\/wp-content\/uploads\/2023\/01\/DSC_0475_DxO_Cropped-1536x1330.jpg 1536w, https:\/\/adim.web.amu.edu.pl\/wp-content\/uploads\/2023\/01\/DSC_0475_DxO_Cropped-2048x1774.jpg 2048w, https:\/\/adim.web.amu.edu.pl\/wp-content\/uploads\/2023\/01\/DSC_0475_DxO_Cropped-883x765.jpg 883w\" sizes=\"(max-width: 1024px) 100vw, 1024px\" \/><\/a><\/figure><\/div>\n\n\n\n<div class=\"wp-block-media-text is-stacked-on-mobile\" style=\"grid-template-columns:15% auto\"><figure class=\"wp-block-media-text__media\"><a href=\"http:\/\/wa.amu.edu.pl\/wa\/Rataj_Karolina\" target=\"_blank\" rel=\"noreferrer noopener\"><img loading=\"lazy\" decoding=\"async\" width=\"769\" height=\"1024\" src=\"https:\/\/adim.web.amu.edu.pl\/wp-content\/uploads\/2023\/10\/thumbnail_IMG_4063-769x1024.jpg\" alt=\"\" class=\"wp-image-941 size-full\" srcset=\"https:\/\/adim.web.amu.edu.pl\/wp-content\/uploads\/2023\/10\/thumbnail_IMG_4063-769x1024.jpg 769w, https:\/\/adim.web.amu.edu.pl\/wp-content\/uploads\/2023\/10\/thumbnail_IMG_4063-225x300.jpg 225w, https:\/\/adim.web.amu.edu.pl\/wp-content\/uploads\/2023\/10\/thumbnail_IMG_4063-768x1023.jpg 768w, https:\/\/adim.web.amu.edu.pl\/wp-content\/uploads\/2023\/10\/thumbnail_IMG_4063-1154x1536.jpg 1154w, https:\/\/adim.web.amu.edu.pl\/wp-content\/uploads\/2023\/10\/thumbnail_IMG_4063-9x12.jpg 9w, https:\/\/adim.web.amu.edu.pl\/wp-content\/uploads\/2023\/10\/thumbnail_IMG_4063-575x765.jpg 575w, https:\/\/adim.web.amu.edu.pl\/wp-content\/uploads\/2023\/10\/thumbnail_IMG_4063.jpg 1442w\" sizes=\"(max-width: 769px) 100vw, 769px\" \/><\/a><\/figure><div class=\"wp-block-media-text__content\">\n<p class=\"has-tiny-font-size\"><strong>Jolanta Sypia\u0144ska<\/strong> jest pracownikiem naukowym ADIM na Uniwersytecie Adama Mickiewicza w Poznaniu. Zwi\u0105zana jest r\u00f3wnie\u017c z Uniwersytetem Szczeci\u0144skim. Prowadzi badania nad wp\u0142ywami mi\u0119dzyj\u0119zykowymi w percepcji i produkcji mowy w akwizycji drugiego i trzeciego j\u0119zyka. Jej szczeg\u00f3lnym zainteresowaniem badawczym pozostaje wp\u0142yw j\u0119zyk\u00f3w obcych na j\u0119zyk rodzimy.<\/p>\n<\/div><\/div>\n\n\n\n<div class=\"wp-block-media-text has-media-on-the-right is-stacked-on-mobile\" style=\"grid-template-columns:auto 15%\"><div class=\"wp-block-media-text__content\">\n<p class=\"has-tiny-font-size\"><strong>Witos\u0142aw Awedyk<\/strong> jest pracownikiem naukowym ADIM na Uniwersytecie Adama Mickiewicza w Poznaniu. Jest tak\u017ce adiunktem na Uniwersytecie Szczeci\u0144skim, gdzie pe\u0142ni funkcj\u0119 koordynatora kierunku filologia norweska na Wydziale Humanistycznym. Jego zainteresowania badawcze obejmuj\u0105 g\u0142\u00f3wnie aspekty angielsko-norweskich studi\u00f3w kontrastywnych z zakresu socjolingwistyki, pragmalingwistyki oraz przek\u0142adoznawstwa.<\/p>\n<\/div><figure class=\"wp-block-media-text__media\"><a href=\"http:\/\/wa.amu.edu.pl\/wa\/Rataj_Karolina\" target=\"_blank\" rel=\"noreferrer noopener\"><img loading=\"lazy\" decoding=\"async\" width=\"953\" height=\"960\" src=\"https:\/\/adim.web.amu.edu.pl\/wp-content\/uploads\/2024\/03\/275661611_5288747737815560_8880477255898578387_n.jpg\" alt=\"\" class=\"wp-image-1195 size-full\" srcset=\"https:\/\/adim.web.amu.edu.pl\/wp-content\/uploads\/2024\/03\/275661611_5288747737815560_8880477255898578387_n.jpg 953w, https:\/\/adim.web.amu.edu.pl\/wp-content\/uploads\/2024\/03\/275661611_5288747737815560_8880477255898578387_n-298x300.jpg 298w, https:\/\/adim.web.amu.edu.pl\/wp-content\/uploads\/2024\/03\/275661611_5288747737815560_8880477255898578387_n-150x150.jpg 150w, https:\/\/adim.web.amu.edu.pl\/wp-content\/uploads\/2024\/03\/275661611_5288747737815560_8880477255898578387_n-768x774.jpg 768w, https:\/\/adim.web.amu.edu.pl\/wp-content\/uploads\/2024\/03\/275661611_5288747737815560_8880477255898578387_n-12x12.jpg 12w, https:\/\/adim.web.amu.edu.pl\/wp-content\/uploads\/2024\/03\/275661611_5288747737815560_8880477255898578387_n-759x765.jpg 759w\" sizes=\"(max-width: 953px) 100vw, 953px\" \/><\/a><\/figure><\/div>\n\n\n\n<p id=\"block-ed163993-1096-4660-af92-b75ffa3634b5\"><\/p>\n\n\n\n<p class=\"has-text-align-center\"><strong>Asystenci-doktoranci<\/strong><\/p>\n\n\n\n<div class=\"wp-block-media-text is-stacked-on-mobile\" style=\"grid-template-columns:16% auto\"><figure class=\"wp-block-media-text__media\"><a href=\"http:\/\/wa.amu.edu.pl\/wa\/cal_zuzanna\" target=\"_blank\" rel=\"noreferrer noopener\"><img loading=\"lazy\" decoding=\"async\" width=\"768\" height=\"1024\" src=\"https:\/\/adim.web.amu.edu.pl\/wp-content\/uploads\/2022\/11\/thumbnail_image0-768x1024.jpg\" alt=\"\" class=\"wp-image-377 size-full\" srcset=\"https:\/\/adim.web.amu.edu.pl\/wp-content\/uploads\/2022\/11\/thumbnail_image0-768x1024.jpg 768w, https:\/\/adim.web.amu.edu.pl\/wp-content\/uploads\/2022\/11\/thumbnail_image0-225x300.jpg 225w, https:\/\/adim.web.amu.edu.pl\/wp-content\/uploads\/2022\/11\/thumbnail_image0-574x765.jpg 574w, https:\/\/adim.web.amu.edu.pl\/wp-content\/uploads\/2022\/11\/thumbnail_image0.jpg 960w\" sizes=\"(max-width: 768px) 100vw, 768px\" \/><\/a><\/figure><div class=\"wp-block-media-text__content\">\n<p class=\"has-tiny-font-size\"><strong>Zuzanna Cal<\/strong> jest doktorantk\u0105 w zakresie j\u0119zykoznawstwa na Uniwersytecie im. Adama Mickiewicza w Poznaniu. Jej zainteresowania badawcze obejmuj\u0105 wieloj\u0119zyczno\u015b\u0107 i przyswajanie trzeciego j\u0119zyka, fonetyk\u0119 i fonologi\u0119, wp\u0142ywy mi\u0119dzyj\u0119zykowe, a tak\u017ce drift i zanikanie L1. W swojej pracy doktorskiej bada wp\u0142ywy mi\u0119dzyj\u0119zykowe w percepcji i produkcji sp\u00f3\u0142g\u0142osek przystankowych przez tr\u00f3jj\u0119zycznych u\u017cytkownik\u00f3w j\u0119zyka polskiego, angielskiego i norweskiego.<\/p>\n<\/div><\/div>\n\n\n\n<div class=\"wp-block-media-text has-media-on-the-right is-stacked-on-mobile\" style=\"grid-template-columns:auto 15%\"><div class=\"wp-block-media-text__content\">\n<p class=\"has-tiny-font-size\"><strong>Anna Ska\u0142ba<\/strong> is a PhD student in linguistics at Adam Mickiewicz University in Pozna\u0144, Poland. Her&nbsp;research interests focus on bilingualism and multilingualism. She is&nbsp;especially interested in cross-linguistic influence in syntax and phonology, as well as in processes underlying language production and comprehension. She is&nbsp;writing her dissertation on the representation of syntactic constructions in the mind of French-English bilinguals.&nbsp;<\/p>\n<\/div><figure class=\"wp-block-media-text__media\"><a href=\"https:\/\/wa.amu.edu.pl\/wa\/skalba_anna\" target=\"_blank\" rel=\"noreferrer noopener\"><img loading=\"lazy\" decoding=\"async\" width=\"167\" height=\"167\" src=\"https:\/\/adim.web.amu.edu.pl\/wp-content\/uploads\/2022\/11\/Anna_Skalba.jpg\" alt=\"\" class=\"wp-image-163 size-full\" srcset=\"https:\/\/adim.web.amu.edu.pl\/wp-content\/uploads\/2022\/11\/Anna_Skalba.jpg 167w, https:\/\/adim.web.amu.edu.pl\/wp-content\/uploads\/2022\/11\/Anna_Skalba-150x150.jpg 150w\" sizes=\"(max-width: 167px) 100vw, 167px\" \/><\/a><\/figure><\/div>\n\n\n\n<div class=\"wp-block-media-text is-stacked-on-mobile\" style=\"grid-template-columns:16% auto\"><figure class=\"wp-block-media-text__media\"><a href=\"http:\/\/wa.amu.edu.pl\/wa\/cal_zuzanna\" target=\"_blank\" rel=\"noreferrer noopener\"><img loading=\"lazy\" decoding=\"async\" width=\"543\" height=\"780\" src=\"https:\/\/adim.web.amu.edu.pl\/wp-content\/uploads\/2023\/10\/thumbnail_IMG_7795.jpg\" alt=\"\" class=\"wp-image-942 size-full\" srcset=\"https:\/\/adim.web.amu.edu.pl\/wp-content\/uploads\/2023\/10\/thumbnail_IMG_7795.jpg 543w, https:\/\/adim.web.amu.edu.pl\/wp-content\/uploads\/2023\/10\/thumbnail_IMG_7795-209x300.jpg 209w, https:\/\/adim.web.amu.edu.pl\/wp-content\/uploads\/2023\/10\/thumbnail_IMG_7795-8x12.jpg 8w, https:\/\/adim.web.amu.edu.pl\/wp-content\/uploads\/2023\/10\/thumbnail_IMG_7795-533x765.jpg 533w\" sizes=\"(max-width: 543px) 100vw, 543px\" \/><\/a><\/figure><div class=\"wp-block-media-text__content\">\n<p class=\"has-tiny-font-size\"><strong>Justyna Gruszecka<\/strong> jest doktorantk\u0105 w dziedzinie j\u0119zykoznawstwa na Uniwersytecie im. Adama Mickiewicza w Poznaniu. Naukowo interesuje si\u0119 dwuj\u0119zyczno\u015bci\u0105, przetwarzaniem j\u0119zyka afektywnego w dwuj\u0119zyczno\u015bcia, neuroj\u0119zykoznawstwem oraz percepcj\u0105 sztucznej inteligencji w kontek\u015bcie j\u0119zyka nacechowanego emocjonalnie. W swojej pracy doktorskiej planuje bada\u0107 postrzeganie kontentu emocjolanie nacechowanego w dwuj\u0119zyczno\u015bci, w kontek\u015bcie interakcji cz\u0142owiek - sztuczna inteligencja. Do projektu ADIM do\u0142\u0105czy\u0142a we wrze\u015bniu 2023.<\/p>\n<\/div><\/div>\n\n\n\n<p><\/p>\n\n\n\n<p class=\"has-text-align-center\"><strong>Asystentka-studentka<\/strong><\/p>\n\n\n\n<div class=\"wp-block-media-text has-media-on-the-right is-stacked-on-mobile\" style=\"grid-template-columns:auto 15%\"><div class=\"wp-block-media-text__content\">\n<p class=\"has-tiny-font-size\"><strong>Agnieszka Pludra<\/strong> jest studentk\u0105 studi\u00f3w magisterskich na kierunku lingwistyka obliczeniowa na Wydziale Anglistyki Uniwersytetu im. Adama Mickiewicza w Poznaniu. Jej zainteresowania badawcze dotycz\u0105 fonetyki i fonologii, akwizycji drugiego i trzeciego j\u0119zyka oraz przetwarzania j\u0119zyka naturalnego. Ostatnio Agnieszka bada\u0142a skuteczno\u015b\u0107 treningu wymowy wspomaganego gestami w przyswajaniu wzorc\u00f3w akcentowych w drugim j\u0119zyku.<\/p>\n<\/div><figure class=\"wp-block-media-text__media\"><img loading=\"lazy\" decoding=\"async\" width=\"167\" height=\"223\" src=\"https:\/\/adim.web.amu.edu.pl\/wp-content\/uploads\/2022\/11\/Agnieszka_Pludra-4.jpg\" alt=\"\" class=\"wp-image-165 size-full\"\/><\/figure><\/div>\n\n\n\n<div class=\"wp-block-media-text is-stacked-on-mobile\" style=\"grid-template-columns:15% auto\"><figure class=\"wp-block-media-text__media\"><img loading=\"lazy\" decoding=\"async\" width=\"1024\" height=\"1024\" src=\"https:\/\/adim.web.amu.edu.pl\/wp-content\/uploads\/2023\/10\/thumbnail_Walczak_picture-1024x1024.jpg\" alt=\"\" class=\"wp-image-943 size-full\" srcset=\"https:\/\/adim.web.amu.edu.pl\/wp-content\/uploads\/2023\/10\/thumbnail_Walczak_picture-1024x1024.jpg 1024w, https:\/\/adim.web.amu.edu.pl\/wp-content\/uploads\/2023\/10\/thumbnail_Walczak_picture-300x300.jpg 300w, https:\/\/adim.web.amu.edu.pl\/wp-content\/uploads\/2023\/10\/thumbnail_Walczak_picture-150x150.jpg 150w, https:\/\/adim.web.amu.edu.pl\/wp-content\/uploads\/2023\/10\/thumbnail_Walczak_picture-768x768.jpg 768w, https:\/\/adim.web.amu.edu.pl\/wp-content\/uploads\/2023\/10\/thumbnail_Walczak_picture-1536x1536.jpg 1536w, https:\/\/adim.web.amu.edu.pl\/wp-content\/uploads\/2023\/10\/thumbnail_Walczak_picture-12x12.jpg 12w, https:\/\/adim.web.amu.edu.pl\/wp-content\/uploads\/2023\/10\/thumbnail_Walczak_picture-765x765.jpg 765w, https:\/\/adim.web.amu.edu.pl\/wp-content\/uploads\/2023\/10\/thumbnail_Walczak_picture.jpg 1920w\" sizes=\"(max-width: 1024px) 100vw, 1024px\" \/><\/figure><div class=\"wp-block-media-text__content\">\n<p class=\"has-tiny-font-size\"><strong>Angelika Walczak<\/strong> jest studentk\u0105 kierunku Language, Mind, Technology na Wydziale Anglistyki Uniwersytetu im. Adama Mickiewicza w Poznaniu. Aktualnie pomaga przy projekcie ADIM. W swojej pracy magisterskiej zajmuje si\u0119 przetwarzaniem stereotyp\u00f3w przez osoby dwuj\u0119zyczne.<\/p>\n<\/div><\/div>\n\n\n\n<p><\/p>\n\n\n\n<p class=\"has-text-align-center\"><strong>Konsultanci<\/strong><\/p>\n\n\n\n<div class=\"wp-block-media-text has-media-on-the-right is-stacked-on-mobile\" style=\"grid-template-columns:auto 15%\"><div class=\"wp-block-media-text__content\">\n<p class=\"has-tiny-font-size\"><strong>Katarzyna Dziubalska-Ko\u0142aczyk<\/strong> jest profesork\u0105 zwyczajn\u0105 i prorektork\u0105 ds. bada\u0144 naukowych Uniwersytetu im. Adama Mickiewicza w Poznaniu. Jest autork\u0105 wielu publikacji (ok. 160) z zakresu fonologii, fonetyki i akwizycji j\u0119zyka. W swoich pracach realizuje i propaguje naturaln\u0105 lingwistyczn\u0105 koncepcj\u0119 j\u0119zyka. By\u0142a stypendystk\u0105 Senior Fulbrighta (University of Hawai'i at Manoa) oraz visiting scholar na Uniwersytecie Wiede\u0144skim.&nbsp;&nbsp;<\/p>\n<\/div><figure class=\"wp-block-media-text__media\"><a href=\"http:\/\/wa.amu.edu.pl\/wa\/Dziubalska-Kolaczyk_Katarzyna\" target=\"_blank\" rel=\"noreferrer noopener\"><img loading=\"lazy\" decoding=\"async\" width=\"749\" height=\"800\" src=\"https:\/\/adim.web.amu.edu.pl\/wp-content\/uploads\/2022\/11\/KatarzynaDziubalskaKolaczyk.jpg\" alt=\"\" class=\"wp-image-262 size-full\" srcset=\"https:\/\/adim.web.amu.edu.pl\/wp-content\/uploads\/2022\/11\/KatarzynaDziubalskaKolaczyk.jpg 749w, https:\/\/adim.web.amu.edu.pl\/wp-content\/uploads\/2022\/11\/KatarzynaDziubalskaKolaczyk-281x300.jpg 281w, https:\/\/adim.web.amu.edu.pl\/wp-content\/uploads\/2022\/11\/KatarzynaDziubalskaKolaczyk-716x765.jpg 716w\" sizes=\"(max-width: 749px) 100vw, 749px\" \/><\/a><\/figure><\/div>","protected":false},"excerpt":{"rendered":"<p>Principal Investigator Magdalena Wrembel is a university professor at the Faculty of English, Adam Mickiewicz University in Pozna\u0144 and deputy [&hellip;]<\/p>","protected":false},"author":1,"featured_media":0,"parent":0,"menu_order":0,"comment_status":"closed","ping_status":"closed","template":"","meta":{"_monsterinsights_skip_tracking":false,"_monsterinsights_sitenote_active":false,"_monsterinsights_sitenote_note":"","_monsterinsights_sitenote_category":0,"footnotes":""},"class_list":["post-31","page","type-page","status-publish","hentry"],"yoast_head":"<!-- This site is optimized with the Yoast SEO plugin v23.8 - https:\/\/yoast.com\/wordpress\/plugins\/seo\/ -->\n<title>Our team in Pozna\u0144 - ADIM<\/title>\n<meta name=\"robots\" content=\"index, follow, max-snippet:-1, max-image-preview:large, max-video-preview:-1\" \/>\n<link rel=\"canonical\" href=\"https:\/\/adim.web.amu.edu.pl\/pl_pl\/team_poznan\/\" \/>\n<meta property=\"og:locale\" content=\"pl_PL\" \/>\n<meta property=\"og:type\" content=\"article\" \/>\n<meta property=\"og:title\" content=\"Our team in Pozna\u0144 - ADIM\" \/>\n<meta property=\"og:description\" content=\"Principal Investigator Magdalena Wrembel is a university professor at the Faculty of English, Adam Mickiewicz University in Pozna\u0144 and deputy [&hellip;]\" \/>\n<meta property=\"og:url\" content=\"https:\/\/adim.web.amu.edu.pl\/pl_pl\/team_poznan\/\" \/>\n<meta property=\"og:site_name\" content=\"ADIM\" \/>\n<meta property=\"article:publisher\" content=\"https:\/\/www.facebook.com\/people\/The-ADIM-Project-Insights-on-Multilingual-Minds\/100089017856711\/\" \/>\n<meta property=\"article:modified_time\" content=\"2024-03-05T12:11:00+00:00\" \/>\n<meta property=\"og:image\" content=\"https:\/\/adim.web.amu.edu.pl\/wp-content\/uploads\/2022\/11\/graficzne-rozsz.-logo_EN-1024x266.png\" \/>\n<meta name=\"twitter:card\" content=\"summary_large_image\" \/>\n<meta name=\"twitter:site\" content=\"@ADIMLinguists\" \/>\n<meta name=\"twitter:label1\" content=\"Szacowany czas czytania\" \/>\n\t<meta name=\"twitter:data1\" content=\"5 minut\" \/>\n<script type=\"application\/ld+json\" class=\"yoast-schema-graph\">{\"@context\":\"https:\/\/schema.org\",\"@graph\":[{\"@type\":\"WebPage\",\"@id\":\"https:\/\/adim.web.amu.edu.pl\/pl_pl\/team_poznan\/\",\"url\":\"https:\/\/adim.web.amu.edu.pl\/pl_pl\/team_poznan\/\",\"name\":\"Our team in Pozna\u0144 - ADIM\",\"isPartOf\":{\"@id\":\"https:\/\/adim.web.amu.edu.pl\/pl_pl\/#website\"},\"primaryImageOfPage\":{\"@id\":\"https:\/\/adim.web.amu.edu.pl\/pl_pl\/team_poznan\/#primaryimage\"},\"image\":{\"@id\":\"https:\/\/adim.web.amu.edu.pl\/pl_pl\/team_poznan\/#primaryimage\"},\"thumbnailUrl\":\"https:\/\/adim.web.amu.edu.pl\/wp-content\/uploads\/2022\/11\/graficzne-rozsz.-logo_EN-1024x266.png\",\"datePublished\":\"2022-11-16T09:35:59+00:00\",\"dateModified\":\"2024-03-05T12:11:00+00:00\",\"breadcrumb\":{\"@id\":\"https:\/\/adim.web.amu.edu.pl\/pl_pl\/team_poznan\/#breadcrumb\"},\"inLanguage\":\"pl-PL\",\"potentialAction\":[{\"@type\":\"ReadAction\",\"target\":[\"https:\/\/adim.web.amu.edu.pl\/pl_pl\/team_poznan\/\"]}]},{\"@type\":\"ImageObject\",\"inLanguage\":\"pl-PL\",\"@id\":\"https:\/\/adim.web.amu.edu.pl\/pl_pl\/team_poznan\/#primaryimage\",\"url\":\"https:\/\/adim.web.amu.edu.pl\/wp-content\/uploads\/2022\/11\/graficzne-rozsz.-logo_EN-1024x266.png\",\"contentUrl\":\"https:\/\/adim.web.amu.edu.pl\/wp-content\/uploads\/2022\/11\/graficzne-rozsz.-logo_EN-1024x266.png\"},{\"@type\":\"BreadcrumbList\",\"@id\":\"https:\/\/adim.web.amu.edu.pl\/pl_pl\/team_poznan\/#breadcrumb\",\"itemListElement\":[{\"@type\":\"ListItem\",\"position\":1,\"name\":\"Home\",\"item\":\"https:\/\/adim.web.amu.edu.pl\/\"},{\"@type\":\"ListItem\",\"position\":2,\"name\":\"Our team in Pozna\u0144\"}]},{\"@type\":\"WebSite\",\"@id\":\"https:\/\/adim.web.amu.edu.pl\/pl_pl\/#website\",\"url\":\"https:\/\/adim.web.amu.edu.pl\/pl_pl\/\",\"name\":\"ADIM (Across-domain Investigations in Multilingualism)\",\"description\":\"Find out how our team is working on understanding language acquisition in multilinguals!\",\"publisher\":{\"@id\":\"https:\/\/adim.web.amu.edu.pl\/pl_pl\/#organization\"},\"potentialAction\":[{\"@type\":\"SearchAction\",\"target\":{\"@type\":\"EntryPoint\",\"urlTemplate\":\"https:\/\/adim.web.amu.edu.pl\/pl_pl\/?s={search_term_string}\"},\"query-input\":{\"@type\":\"PropertyValueSpecification\",\"valueRequired\":true,\"valueName\":\"search_term_string\"}}],\"inLanguage\":\"pl-PL\"},{\"@type\":\"Organization\",\"@id\":\"https:\/\/adim.web.amu.edu.pl\/pl_pl\/#organization\",\"name\":\"ADIM (Across-domain Investigations in Multilingualism)\",\"url\":\"https:\/\/adim.web.amu.edu.pl\/pl_pl\/\",\"logo\":{\"@type\":\"ImageObject\",\"inLanguage\":\"pl-PL\",\"@id\":\"https:\/\/adim.web.amu.edu.pl\/pl_pl\/#\/schema\/logo\/image\/\",\"url\":\"https:\/\/adim.web.amu.edu.pl\/wp-content\/uploads\/2022\/11\/logo-with-name.png\",\"contentUrl\":\"https:\/\/adim.web.amu.edu.pl\/wp-content\/uploads\/2022\/11\/logo-with-name.png\",\"width\":458,\"height\":476,\"caption\":\"ADIM (Across-domain Investigations in Multilingualism)\"},\"image\":{\"@id\":\"https:\/\/adim.web.amu.edu.pl\/pl_pl\/#\/schema\/logo\/image\/\"},\"sameAs\":[\"https:\/\/www.facebook.com\/people\/The-ADIM-Project-Insights-on-Multilingual-Minds\/100089017856711\/\",\"https:\/\/x.com\/ADIMLinguists\"]}]}<\/script>\n<!-- \/ Yoast SEO plugin. -->","yoast_head_json":{"title":"Our team in Pozna\u0144 - ADIM","robots":{"index":"index","follow":"follow","max-snippet":"max-snippet:-1","max-image-preview":"max-image-preview:large","max-video-preview":"max-video-preview:-1"},"canonical":"https:\/\/adim.web.amu.edu.pl\/pl_pl\/team_poznan\/","og_locale":"pl_PL","og_type":"article","og_title":"Our team in Pozna\u0144 - ADIM","og_description":"Principal Investigator Magdalena Wrembel is a university professor at the Faculty of English, Adam Mickiewicz University in Pozna\u0144 and deputy [&hellip;]","og_url":"https:\/\/adim.web.amu.edu.pl\/pl_pl\/team_poznan\/","og_site_name":"ADIM","article_publisher":"https:\/\/www.facebook.com\/people\/The-ADIM-Project-Insights-on-Multilingual-Minds\/100089017856711\/","article_modified_time":"2024-03-05T12:11:00+00:00","og_image":[{"url":"https:\/\/adim.web.amu.edu.pl\/wp-content\/uploads\/2022\/11\/graficzne-rozsz.-logo_EN-1024x266.png"}],"twitter_card":"summary_large_image","twitter_site":"@ADIMLinguists","twitter_misc":{"Szacowany czas czytania":"5 minut"},"schema":{"@context":"https:\/\/schema.org","@graph":[{"@type":"WebPage","@id":"https:\/\/adim.web.amu.edu.pl\/pl_pl\/team_poznan\/","url":"https:\/\/adim.web.amu.edu.pl\/pl_pl\/team_poznan\/","name":"Our team in Pozna\u0144 - ADIM","isPartOf":{"@id":"https:\/\/adim.web.amu.edu.pl\/pl_pl\/#website"},"primaryImageOfPage":{"@id":"https:\/\/adim.web.amu.edu.pl\/pl_pl\/team_poznan\/#primaryimage"},"image":{"@id":"https:\/\/adim.web.amu.edu.pl\/pl_pl\/team_poznan\/#primaryimage"},"thumbnailUrl":"https:\/\/adim.web.amu.edu.pl\/wp-content\/uploads\/2022\/11\/graficzne-rozsz.-logo_EN-1024x266.png","datePublished":"2022-11-16T09:35:59+00:00","dateModified":"2024-03-05T12:11:00+00:00","breadcrumb":{"@id":"https:\/\/adim.web.amu.edu.pl\/pl_pl\/team_poznan\/#breadcrumb"},"inLanguage":"pl-PL","potentialAction":[{"@type":"ReadAction","target":["https:\/\/adim.web.amu.edu.pl\/pl_pl\/team_poznan\/"]}]},{"@type":"ImageObject","inLanguage":"pl-PL","@id":"https:\/\/adim.web.amu.edu.pl\/pl_pl\/team_poznan\/#primaryimage","url":"https:\/\/adim.web.amu.edu.pl\/wp-content\/uploads\/2022\/11\/graficzne-rozsz.-logo_EN-1024x266.png","contentUrl":"https:\/\/adim.web.amu.edu.pl\/wp-content\/uploads\/2022\/11\/graficzne-rozsz.-logo_EN-1024x266.png"},{"@type":"BreadcrumbList","@id":"https:\/\/adim.web.amu.edu.pl\/pl_pl\/team_poznan\/#breadcrumb","itemListElement":[{"@type":"ListItem","position":1,"name":"Home","item":"https:\/\/adim.web.amu.edu.pl\/"},{"@type":"ListItem","position":2,"name":"Our team in Pozna\u0144"}]},{"@type":"WebSite","@id":"https:\/\/adim.web.amu.edu.pl\/pl_pl\/#website","url":"https:\/\/adim.web.amu.edu.pl\/pl_pl\/","name":"ADIM (Across-domain Investigations in Multilingualism)","description":"Find out how our team is working on understanding language acquisition in multilinguals!","publisher":{"@id":"https:\/\/adim.web.amu.edu.pl\/pl_pl\/#organization"},"potentialAction":[{"@type":"SearchAction","target":{"@type":"EntryPoint","urlTemplate":"https:\/\/adim.web.amu.edu.pl\/pl_pl\/?s={search_term_string}"},"query-input":{"@type":"PropertyValueSpecification","valueRequired":true,"valueName":"search_term_string"}}],"inLanguage":"pl-PL"},{"@type":"Organization","@id":"https:\/\/adim.web.amu.edu.pl\/pl_pl\/#organization","name":"ADIM (Across-domain Investigations in Multilingualism)","url":"https:\/\/adim.web.amu.edu.pl\/pl_pl\/","logo":{"@type":"ImageObject","inLanguage":"pl-PL","@id":"https:\/\/adim.web.amu.edu.pl\/pl_pl\/#\/schema\/logo\/image\/","url":"https:\/\/adim.web.amu.edu.pl\/wp-content\/uploads\/2022\/11\/logo-with-name.png","contentUrl":"https:\/\/adim.web.amu.edu.pl\/wp-content\/uploads\/2022\/11\/logo-with-name.png","width":458,"height":476,"caption":"ADIM (Across-domain Investigations in Multilingualism)"},"image":{"@id":"https:\/\/adim.web.amu.edu.pl\/pl_pl\/#\/schema\/logo\/image\/"},"sameAs":["https:\/\/www.facebook.com\/people\/The-ADIM-Project-Insights-on-Multilingual-Minds\/100089017856711\/","https:\/\/x.com\/ADIMLinguists"]}]}},"_links":{"self":[{"href":"https:\/\/adim.web.amu.edu.pl\/pl_pl\/wp-json\/wp\/v2\/pages\/31"}],"collection":[{"href":"https:\/\/adim.web.amu.edu.pl\/pl_pl\/wp-json\/wp\/v2\/pages"}],"about":[{"href":"https:\/\/adim.web.amu.edu.pl\/pl_pl\/wp-json\/wp\/v2\/types\/page"}],"author":[{"embeddable":true,"href":"https:\/\/adim.web.amu.edu.pl\/pl_pl\/wp-json\/wp\/v2\/users\/1"}],"replies":[{"embeddable":true,"href":"https:\/\/adim.web.amu.edu.pl\/pl_pl\/wp-json\/wp\/v2\/comments?post=31"}],"version-history":[{"count":53,"href":"https:\/\/adim.web.amu.edu.pl\/pl_pl\/wp-json\/wp\/v2\/pages\/31\/revisions"}],"predecessor-version":[{"id":1198,"href":"https:\/\/adim.web.amu.edu.pl\/pl_pl\/wp-json\/wp\/v2\/pages\/31\/revisions\/1198"}],"wp:attachment":[{"href":"https:\/\/adim.web.amu.edu.pl\/pl_pl\/wp-json\/wp\/v2\/media?parent=31"}],"curies":[{"name":"wp","href":"https:\/\/api.w.org\/{rel}","templated":true}]}}